{"id":55,"date":"2013-08-14T12:04:55","date_gmt":"2013-08-14T12:04:55","guid":{"rendered":"http:\/\/metrothemes.me\/lucas\/?page_id=8"},"modified":"2017-04-19T12:21:36","modified_gmt":"2017-04-19T10:21:36","slug":"resume","status":"publish","type":"page","link":"http:\/\/sinntagma.com\/de\/resume\/","title":{"rendered":"Lebenslauf"},"content":{"rendered":"\n               <div class=\"row\">\n                    <div class=\"span8 short-dec\">\n                        <p>\n<p><center><strong>Willkommen bei sinntagma.com<\/strong>! Informieren Sie sich \u00fcber <strong>Ekbert Birr<\/strong>\u00a0 und seine Arbeit als<strong> \u00dcbersetzer, Lektor und privater Sprachlehrer<\/strong> in den F\u00e4chern Deutsch und Englisch!<\/center><\/p>\n                    <\/div>\n                <\/div>    \n\t\n<div class=\"row\">\n\t\t\t\t\t<div class=\"span9\">\n\t\t\t\t\t\t<div class=\"timeline\">\n\t\t\t\t\t\t\t\t<div class=\"timeline-item\">\n\t\t\t\t\t\t\t\t\t<div class=\"timeline-head\">\n\t\t\t\t\t\t\t\t\t\t<span class=\"icon-lightbulb\"><i><\/i><\/span>\n\t\t\t\t\t\t\t\t\t<\/div>\n\t\t\t\t\t\t\t\t\t<div class=\"timeline-arrow\"><i><\/i><\/div>\n\t\t\t\t\t\t\t\t\t<div class=\"timeline-head-content\">\n\t\t\t\t\t\t\t\t\t\t\t<h3>work experience<\/h3>\n\t\t\t\t\t\t\t\t\t<\/div>\n\t\t\t\t\t\t\t\t<\/div>\n\t\t\t\t\t\n\t\t\t\t\t\t\t<div class=\"timeline-item\">\n\t\t\t\t\t\t\t\t<div class=\"timeline-item-date\">2012-2026<\/div><!-- date -->\n\t\t\t\t\t\t\t\t\t<div class=\"timeline-item-trigger\"><span class=\"icon-plus-sign\" data-toggle=\"collapse\" data-target=\"#translator-copy-editor-private-tutor-sinntagma-language-services\"><i><\/i><\/span>\t\t\t\t\t\t\n\t\t\t\t\t\t\t\t\t<\/div>\n\n\t\t\t\t\t\t\t\t\t<div class=\"timeline-arrow\"><i><\/i><\/div>\n\n\t\t\t\t\t\t\t\t\t<div class=\"timeline-item-content\">\n\t\t\t\t\t\t\t\t\t\t<h3 class=\"timeline-item-title\" data-toggle=\"collapse\" data-target=\"#translator-copy-editor-private-tutor-sinntagma-language-services\">translator, copy-editor &#038; private tutor | sinntagma language services<\/h3>\n\n\t\t\t\t\t\t\t\t\t\t<div class=\"collapse \" id=\"translator-copy-editor-private-tutor-sinntagma-language-services\">\n\t\t\t\t\t\t\t<p><small class=\"muted\">2012\u20132026<\/small><\/p><p><strong>sinntagma<\/strong> language services | <em>Sprachdienstleistungen<\/em><br class=\"clear\" \/><br class=\"clear\" \/>\r\n<strong>translations | <em>\u00dcbersetzung<\/em><\/strong> <br class=\"clear\" \/>\r\nDue to my own background in philology, Cultural History, and Literary Studies (cf. <a href=\"http:\/\/www.sinntagma.com\/bilder\/publications-sinntagma.pdf\">publications<\/a>), I address my services particularly to humanities scholars wishing to have their research papers, publications, and lecture drafts translated from English into German (and vice versa). An overview over my charges may be consulted <a href=\"http:\/\/www.sinntagma.com\/bilder\/pricelist-sinntagma-en2.pdf\">here<\/a>; for samples of my work as a translator, please see my PORTFOLIO. <br class=\"clear\" \/><br class=\"clear\" \/>\r\n<em>Als ausgewiesener Literaturwissenschaftler kulturwissenschaftlicher Pr\u00e4gung (vgl. <a href=\"http:\/\/sinntagma.com\/portfolio\/publications\/\">Publikationsliste<\/a>) wendet sich mein Angebot insbesondere an VertreterInnen der Geisteswissenschaften, denen an einer \u00dcbertragung ihrer wissenschaftlichen Arbeiten vom Deutschen ins Englische (und umgekehrt) gelegen ist. Einen \u00dcberblick \u00fcber die Kosten entsprechender Leistungen finden Sie <a href=\"http:\/\/www.sinntagma.com\/bilder\/preisliste-de.pdf\">hier<\/a>, Proben meiner Arbeit als \u00dcbersetzer entnehmen Sie bitte meinem PORTFOLIO.<\/em><br class=\"clear\" \/><br class=\"clear\" \/><br class=\"clear\" \/>\r\n<strong> editing | <em>Lektorat<\/em><\/strong><br class=\"clear\" \/>\r\nMy service combines both proofreading and copy-editing. While proofreading eliminates language errors and errors in spelling, punctuation, grammar, format, and style, copy-editing ensures accuracy in language, structure, and rhetoric expressions. As part of copy-editing, choice of words, style, sentence structure, contents structure, consistency, and terminology are checked in order to achieve maximum clarity and idiomaticity of expression.<br class=\"clear\" \/><br class=\"clear\" \/><em>\u00dcberpr\u00fcft und optimiert werden Rechtschreibung, Zeichensetzung, Satzbau, Grammatik, Syntax und Zitationsformat, sowie - in Absprache mit den Autorinnen und Autoren - Semantik, Stilistik und Argumentationsstruktur. Beispiele von mir lektorisch betreuter Ganzschriften entnehmen Sie bitte meinem PORTFOLIO.<\/em><br class=\"clear\" \/><br class=\"clear\" \/><br class=\"clear\" \/>\r\n<strong> private tuition | <em>privater Sprach-und Literaturunterricht<\/em><\/strong><br class=\"clear\" \/>\r\nAs an experienced lecturer and language instructor, I offer private tuition in English and German, as well as courses in English and German Literary and Cultural History, both at secondary school and university levels. For individual arrangements, please contact me directly, using the form and details provided at the bottom of <a href=\"http:\/\/www.sinntagma.com\">www.sinntagma.com<\/a>. I am looking forward to hearing from you.<br class=\"clear\" \/><br class=\"clear\" \/>\r\n<em>Als erfahrener Didakt erteile ich in meinen F\u00e4chern Englisch\/Deutsch bzw. Anglistik\/Germanistik auch gern privaten Sprach- und Literaturunterricht auf Gymnasial- und Universit\u00e4tsniveau. Entsprechende Anfragen richten Sie bitte direkt an mich; meine Kontaktdaten finden Sie am unteren Ende unten der Seite <a href=\"http:\/\/www.sinntagma.com\">www.sinntagma.com<\/a>. Ich freue mich darauf, von Ihnen zu h\u00f6ren!<\/em><\/p>\t\t\t\t\t\t\n\t\t\t\t\t\t\t\t\t\t<\/div>\n\t\t\t\t\t\t\t\t    <\/div>\n\t\t\t\t\t\t\t<\/div>\n\t\t\t\t\t\t\n\t\t\t\t\t\t\t<div class=\"timeline-item\">\n\t\t\t\t\t\t\t\t<div class=\"timeline-item-date\">2012-2013 2003-2004<\/div><!-- date -->\n\t\t\t\t\t\t\t\t\t<div class=\"timeline-item-trigger\"><span class=\"icon-plus-sign\" data-toggle=\"collapse\" data-target=\"#lehrbeauftragter-humboldt-universitaet-zu-berlin\"><i><\/i><\/span>\t\t\t\t\t\t\n\t\t\t\t\t\t\t\t\t<\/div>\n\n\t\t\t\t\t\t\t\t\t<div class=\"timeline-arrow\"><i><\/i><\/div>\n\n\t\t\t\t\t\t\t\t\t<div class=\"timeline-item-content\">\n\t\t\t\t\t\t\t\t\t\t<h3 class=\"timeline-item-title\" data-toggle=\"collapse\" data-target=\"#lehrbeauftragter-humboldt-universitaet-zu-berlin\">Lehrbeauftragter | Humboldt-Universit\u00e4t zu Berlin<\/h3>\n\n\t\t\t\t\t\t\t\t\t\t<div class=\"collapse \" id=\"lehrbeauftragter-humboldt-universitaet-zu-berlin\">\n\t\t\t\t\t\t\t<p><small class=\"muted\">2012-2013; 2003-2004<\/small><\/p><p><strong>contract lecturer<\/strong> <strong>at the<\/strong>\u00a0Humboldt-University of Berlin\u2018s\r\n<strong>Department of English and American Studies<\/strong><\/br>\r\narea of expertise: Literary and Cultural History of the Victorian Period\r\n<\/br><\/br>\r\n<strong>\r\n<em>Lehrbeauftragter am Institut f\u00fcr Anglistik und Amerikanistik<\/em>\r\n<\/strong><em><\/br>\r\nSachgebiet: Literatur und Kultur der Viktorianik<\/em>\r\n<\/br><\/br>\r\n<img loading=\"lazy\" decoding=\"async\" class=\"size-full wp-image-112 aligncenter\" src=\"http:\/\/sinntagma.com\/wp-content\/uploads\/2013\/08\/cropped-sinntagma-humboldt-universitaet.png\" alt=\"\" width=\"200\" height=\"159\" \/><\/p><p><a href=\"https:\/\/www.angl.hu-berlin.de\/department\/sec\/amstud\/lenzamstud\" title=\"Lehrbeauftragter | Humboldt-Universit\u00e4t zu Berlin\" class=\"noprint\">&rarr; View website<\/a><\/p>\t\t\t\t\t\t\n\t\t\t\t\t\t\t\t\t\t<\/div>\n\t\t\t\t\t\t\t\t    <\/div>\n\t\t\t\t\t\t\t<\/div>\n\t\t\t\t\t\t\n\t\t\t\t\t\t\t<div class=\"timeline-item\">\n\t\t\t\t\t\t\t\t<div class=\"timeline-item-date\">2007-2010<\/div><!-- date -->\n\t\t\t\t\t\t\t\t\t<div class=\"timeline-item-trigger\"><span class=\"icon-plus-sign\" data-toggle=\"collapse\" data-target=\"#vorbereitungsdienst-landesinstitut-fuer-lehrerbildung-laleb\"><i><\/i><\/span>\t\t\t\t\t\t\n\t\t\t\t\t\t\t\t\t<\/div>\n\n\t\t\t\t\t\t\t\t\t<div class=\"timeline-arrow\"><i><\/i><\/div>\n\n\t\t\t\t\t\t\t\t\t<div class=\"timeline-item-content\">\n\t\t\t\t\t\t\t\t\t\t<h3 class=\"timeline-item-title\" data-toggle=\"collapse\" data-target=\"#vorbereitungsdienst-landesinstitut-fuer-lehrerbildung-laleb\">Vorbereitungsdienst | Landesinstitut f\u00fcr Lehrerbildung (LaLeb)<\/h3>\n\n\t\t\t\t\t\t\t\t\t\t<div class=\"collapse \" id=\"vorbereitungsdienst-landesinstitut-fuer-lehrerbildung-laleb\">\n\t\t\t\t\t\t\t<p><small class=\"muted\">2007-2010<\/small><\/p><p><strong>2010<\/strong><\/br>\r\nState Institute for Teacher Training (LaLeb), Department Bernau<\/br>\r\nschool: Evangelische Schule Neuruppin\r\n<\/br><\/br>\r\n<strong>2007 \u2013 2009<\/strong><\/br>\r\nState Institute for Teacher Training (LaLeb), Department Neuruppin\u00a0<\/br>school: Louise-Henriette-Gymnasium Oranienburg\r\n<\/br><\/br>\r\n<em><strong>2010<\/strong><\/em><\/br>\r\n<em> Landesinstitut f\u00fcr Lehrerbildung, Ausbildungsstandort Bernau,<\/em>\r\n<em> Ausbildungsschule: Evangelische Schule Neuruppin.<\/em><\/br><\/br>\r\n<em><strong>\r\n2007 \u2013 2009<\/strong><\/em><\/br>\r\n<em> Landesinstitut f\u00fcr Lehrerbildung, Seminar Neuruppin,<\/em>\r\n<em> Ausbildungsschule: Louise-Henriette-Gymnasium Oranienburg.<\/em>\r\n<\/br><\/br><\/p><p><a href=\"http:\/\/www.schulaemter.brandenburg.de\/sixcms\/list.php\/stsch\" title=\"Vorbereitungsdienst | Landesinstitut f\u00fcr Lehrerbildung (LaLeb)\" class=\"noprint\">&rarr; View website<\/a><\/p>\t\t\t\t\t\t\n\t\t\t\t\t\t\t\t\t\t<\/div>\n\t\t\t\t\t\t\t\t    <\/div>\n\t\t\t\t\t\t\t<\/div>\n\t\t\t\t\t\t\n\t\t\t\t\t\t\t<div class=\"timeline-item\">\n\t\t\t\t\t\t\t\t<div class=\"timeline-item-date\">2003-2006<\/div><!-- date -->\n\t\t\t\t\t\t\t\t\t<div class=\"timeline-item-trigger\"><span class=\"icon-plus-sign\" data-toggle=\"collapse\" data-target=\"#forschung-dfg-graduiertenkolleg\"><i><\/i><\/span>\t\t\t\t\t\t\n\t\t\t\t\t\t\t\t\t<\/div>\n\n\t\t\t\t\t\t\t\t\t<div class=\"timeline-arrow\"><i><\/i><\/div>\n\n\t\t\t\t\t\t\t\t\t<div class=\"timeline-item-content\">\n\t\t\t\t\t\t\t\t\t\t<h3 class=\"timeline-item-title\" data-toggle=\"collapse\" data-target=\"#forschung-dfg-graduiertenkolleg\">Forschung | DFG-Graduiertenkolleg<\/h3>\n\n\t\t\t\t\t\t\t\t\t\t<div class=\"collapse \" id=\"forschung-dfg-graduiertenkolleg\">\n\t\t\t\t\t\t\t<p><small class=\"muted\">2003-2006<\/small><\/p><p><strong>2003 \u2013 2006<\/br>\r\n<\/strong>dissertational grant issued by the DFG; member of the Research Training Group \"Klassizismus und Romantik;\" participant of the International PhD Programme Literary and Cultural Studies (IPP), as well as of the\u00a0Giessen Graduate Centre for the Study of Culture (GGK) at Justus-Liebig-University Giessen<\/br><\/br>\r\n\r\n<strong>2003<\/br>\r\n<\/strong>contract lecturer at the Humboldt-University of Berlin\u2018s\r\nDepartment of English and American Studies\r\n<\/br><\/br>\r\n<em><strong>2003 \u2013 2006<\/strong><\/em><\/br>\r\n<em> Stipendiat des DFG-Graduiertenkollegs \u201eKlassizismus und Romantik\u201c und Angeh\u00f6riger des Internationalen Promotionsprogramms sowie des Gie\u00dfener Graduiertenzentrums Kulturwissenschaften an der Justus-Liebig-Universit\u00e4t Gie\u00dfen.<\/em>\r\n<\/br><\/br>\r\n<em><strong>2003<\/strong><\/em><\/br>\r\n<em> Lehrauftrag am Institut f\u00fcr Anglistik und Amerikanistik der Humboldt-Universit\u00e4t zu Berlin<\/em>\r\n<\/br><\/br>\r\n&nbsp;\r\n\r\n<img loading=\"lazy\" decoding=\"async\" class=\"alignnone size-full wp-image-114\" src=\"http:\/\/sinntagma.com\/wp-content\/uploads\/2013\/08\/sinntagma-dfg.png\" alt=\"\" width=\"200\" height=\"119\" \/><img loading=\"lazy\" decoding=\"async\" class=\"alignnone size-full wp-image-111\" src=\"http:\/\/sinntagma.com\/wp-content\/uploads\/2013\/08\/sinntagma-humboldt-universitaet-1.png\" alt=\"\" width=\"200\" height=\"159\" \/><\/p>\t\t\t\t\t\t\n\t\t\t\t\t\t\t\t\t\t<\/div>\n\t\t\t\t\t\t\t\t    <\/div>\n\t\t\t\t\t\t\t<\/div>\n\t\t\t\t\t\t \t \n\t\t\t\t\t\t\t<\/div>\n\t\t\t\t\t\t<\/div>\n\t\t\t\t\t<\/div>\n\t\t\t\t    <div class=\"row\">\n\t\t\t\t\t<div class=\"span9\">\n\t\t\t\t\t\t<div class=\"timeline\">\n\t\t\t\t\t\t\t\t<div class=\"timeline-item\">\n\t\t\t\t\t\t\t\t\t<div class=\"timeline-head\">\n\t\t\t\t\t\t\t\t\t\t<span class=\"icon-certificate\"><i><\/i><\/span>\n\t\t\t\t\t\t\t\t\t<\/div>\n\t\t\t\t\t\t\t\t\t<div class=\"timeline-arrow\"><i><\/i><\/div>\n\t\t\t\t\t\t\t\t\t<div class=\"timeline-head-content\">\n\t\t\t\t\t\t\t\t\t\t\t<h3>Education experience<\/h3>\n\t\t\t\t\t\t\t\t\t<\/div>\n\t\t\t\t\t\t\t\t<\/div>\n\t\t\t\t\t\n\t\t\t\t\t\t\t<div class=\"timeline-item\">\n\t\t\t\t\t\t\t\t<div class=\"timeline-item-date\"> 2001<\/div><!-- date -->\n\t\t\t\t\t\t\t\t\t<div class=\"timeline-item-trigger\"><span class=\"icon-plus-sign\" data-toggle=\"collapse\" data-target=\"#erstes-staatsexamen-lehramtsstudium-sek-ii-ruhr-university-bochum\"><i><\/i><\/span>\t\t\t\t\t\t\n\t\t\t\t\t\t\t\t\t<\/div>\n\n\t\t\t\t\t\t\t\t\t<div class=\"timeline-arrow\"><i><\/i><\/div>\n\n\t\t\t\t\t\t\t\t\t<div class=\"timeline-item-content\">\n\t\t\t\t\t\t\t\t\t\t<h3 class=\"timeline-item-title\" data-toggle=\"collapse\" data-target=\"#erstes-staatsexamen-lehramtsstudium-sek-ii-ruhr-university-bochum\">Erstes Staatsexamen Lehramtsstudium Sek II | Ruhr-University Bochum<\/h3>\n\n\t\t\t\t\t\t\t\t\t\t<div class=\"collapse \" id=\"erstes-staatsexamen-lehramtsstudium-sek-ii-ruhr-university-bochum\">\n\t\t\t\t\t\t\t<p><strong>2001\u00a0<\/strong><\/br>\r\nfirst state examination for secondary teachers\u00a0at Ruhr-University Bochum\r\n<\/br><\/br>\r\n<em><strong>2001<\/strong> <\/br>\r\nErstes Staatsexamen Lehramtsstudium Sek II an der Ruhr-University Bochum<\/em>\r\n<\/br><\/br>\r\n<img loading=\"lazy\" decoding=\"async\" class=\"alignnone size-full wp-image-108\" src=\"http:\/\/sinntagma.com\/wp-content\/uploads\/2013\/08\/sinntagma-uni-ruhr-bochum.png\" alt=\"\" width=\"200\" height=\"159\" \/><\/p><p><a href=\"http:\/\/www.ruhr-uni-bochum.de\" title=\"Erstes Staatsexamen Lehramtsstudium Sek II | Ruhr-University Bochum\" class=\"noprint\">&rarr; View website<\/a><\/p>\t\t\t\t\t\t\n\t\t\t\t\t\t\t\t\t\t<\/div>\n\t\t\t\t\t\t\t\t    <\/div>\n\t\t\t\t\t\t\t<\/div>\n\t\t\t\t\t\t\n\t\t\t\t\t\t\t<div class=\"timeline-item\">\n\t\t\t\t\t\t\t\t<div class=\"timeline-item-date\">1993 \u2013 1994<\/div><!-- date -->\n\t\t\t\t\t\t\t\t\t<div class=\"timeline-item-trigger\"><span class=\"icon-plus-sign\" data-toggle=\"collapse\" data-target=\"#studium-university-college-cork-ireland\"><i><\/i><\/span>\t\t\t\t\t\t\n\t\t\t\t\t\t\t\t\t<\/div>\n\n\t\t\t\t\t\t\t\t\t<div class=\"timeline-arrow\"><i><\/i><\/div>\n\n\t\t\t\t\t\t\t\t\t<div class=\"timeline-item-content\">\n\t\t\t\t\t\t\t\t\t\t<h3 class=\"timeline-item-title\" data-toggle=\"collapse\" data-target=\"#studium-university-college-cork-ireland\">Studium | University College Cork, Ireland<\/h3>\n\n\t\t\t\t\t\t\t\t\t\t<div class=\"collapse \" id=\"studium-university-college-cork-ireland\">\n\t\t\t\t\t\t\t<p><small class=\"muted\">1993 \u2013 1994<\/small><\/p><p><strong>1993 \u2013 1994\r\n<\/strong><\/br>studies at University College Cork, Ireland<\/br><\/br>\r\n\r\n<em><strong>1993 \u2013 1994<\/strong><\/br><\/em>\r\n<em> Studium am University College Cork, Ireland<\/em><\/br><\/br>\r\n<img loading=\"lazy\" decoding=\"async\" class=\"alignnone size-full wp-image-107\" src=\"http:\/\/sinntagma.com\/wp-content\/uploads\/2013\/08\/sinntagma-ucc2-1.png\" alt=\"\" width=\"200\" height=\"159\" \/><\/p><p><a href=\"http:\/\/www.ucc.ie\/en\/\" title=\"Studium | University College Cork, Ireland\" class=\"noprint\">&rarr; View website<\/a><\/p>\t\t\t\t\t\t\n\t\t\t\t\t\t\t\t\t\t<\/div>\n\t\t\t\t\t\t\t\t    <\/div>\n\t\t\t\t\t\t\t<\/div>\n\t\t\t\t\t\t\n\t\t\t\t\t\t\t<div class=\"timeline-item\">\n\t\t\t\t\t\t\t\t<div class=\"timeline-item-date\"> 1990 - 2001<\/div><!-- date -->\n\t\t\t\t\t\t\t\t\t<div class=\"timeline-item-trigger\"><span class=\"icon-plus-sign\" data-toggle=\"collapse\" data-target=\"#studium-humboldt-universitaet-zu-berlin-und-ruhr-universitaet-bochum\"><i><\/i><\/span>\t\t\t\t\t\t\n\t\t\t\t\t\t\t\t\t<\/div>\n\n\t\t\t\t\t\t\t\t\t<div class=\"timeline-arrow\"><i><\/i><\/div>\n\n\t\t\t\t\t\t\t\t\t<div class=\"timeline-item-content\">\n\t\t\t\t\t\t\t\t\t\t<h3 class=\"timeline-item-title\" data-toggle=\"collapse\" data-target=\"#studium-humboldt-universitaet-zu-berlin-und-ruhr-universitaet-bochum\">Studium | Humboldt-Universit\u00e4t zu Berlin und Ruhr-Universit\u00e4t Bochum<\/h3>\n\n\t\t\t\t\t\t\t\t\t\t<div class=\"collapse \" id=\"studium-humboldt-universitaet-zu-berlin-und-ruhr-universitaet-bochum\">\n\t\t\t\t\t\t\t<p><small class=\"muted\">from 1996 to 2006<\/small><\/p><p><strong>1990 \u2013 2001<\/br>\r\n<\/strong>degree programme for prospective secondary school teachers\u00a0(grammar school) - subjects: English Language, Literature &amp; Culture \/ German Language, Literature &amp; Culture\u00a0 - at Ruhr-University Bochum and Humboldt-University Berlin\r\n<\/br><\/br>\r\n<em><strong>1990 \u2013 2001 <\/strong><\/em><\/br>\r\n<em> Lehramtsstudium Sek II \/ Sek I allgemeinb. \u2013 Englisch\/Deutsch<\/em>\r\n<em> an der Ruhr-Universit\u00e4t Bochum sowie an der Humboldt-Universit\u00e4t zu Berlin<\/em><\/br><\/br>\r\n\r\n<img loading=\"lazy\" decoding=\"async\" class=\"alignnone size-full wp-image-108\" src=\"http:\/\/sinntagma.com\/wp-content\/uploads\/2013\/08\/sinntagma-uni-ruhr-bochum.png\" alt=\"\" width=\"200\" height=\"159\" \/><img loading=\"lazy\" decoding=\"async\" class=\"alignnone size-full wp-image-111\" src=\"http:\/\/sinntagma.com\/wp-content\/uploads\/2013\/08\/sinntagma-humboldt-universitaet-1.png\" alt=\"\" width=\"200\" height=\"159\" \/><\/p>\t\t\t\t\t\t\n\t\t\t\t\t\t\t\t\t\t<\/div>\n\t\t\t\t\t\t\t\t    <\/div>\n\t\t\t\t\t\t\t<\/div>\n\t\t\t\t\t\t \t \n\t\t\t\t\t\t\t<\/div>\n\t\t\t\t\t\t<\/div>\n\t\t\t\t\t<\/div>\n\t\t\t\t    \n\n\t\t\t\t\t\n\t\t\t\t\t\t<div class=\"download\">\n\t\t\t\t\t\t\t<h3>Grab a Quick Copy of my vCard<\/h3>\n\t\t\t\t\t\t\t<a class=\"btn btn-success btn-large\" href=\"http:\/\/www.sinntagma.com\/bilder\/visitenkarte-sinntagma-ekbert-birr-en.pdf\">Download<\/a>\n\t\t\t\t\t\t<\/div>\n\t\n\t\t\t\t\t\t\n\t\t\t\t\n","protected":false},"excerpt":{"rendered":"","protected":false},"author":1,"featured_media":0,"parent":0,"menu_order":0,"comment_status":"open","ping_status":"open","template":"","meta":{"footnotes":""},"class_list":["post-55","page","type-page","status-publish","hentry"],"translation":{"provider":"WPGlobus","version":"3.0.2","language":"de","enabled_languages":["en","de"],"languages":{"en":{"title":true,"content":true,"excerpt":false},"de":{"title":true,"content":true,"excerpt":false}}},"aioseo_notices":[],"jetpack_sharing_enabled":true,"jetpack_shortlink":"https:\/\/wp.me\/P8kOCj-T","_links":{"self":[{"href":"http:\/\/sinntagma.com\/de\/wp-json\/wp\/v2\/pages\/55","targetHints":{"allow":["GET"]}}],"collection":[{"href":"http:\/\/sinntagma.com\/de\/wp-json\/wp\/v2\/pages"}],"about":[{"href":"http:\/\/sinntagma.com\/de\/wp-json\/wp\/v2\/types\/page"}],"author":[{"embeddable":true,"href":"http:\/\/sinntagma.com\/de\/wp-json\/wp\/v2\/users\/1"}],"replies":[{"embeddable":true,"href":"http:\/\/sinntagma.com\/de\/wp-json\/wp\/v2\/comments?post=55"}],"version-history":[{"count":10,"href":"http:\/\/sinntagma.com\/de\/wp-json\/wp\/v2\/pages\/55\/revisions"}],"predecessor-version":[{"id":448,"href":"http:\/\/sinntagma.com\/de\/wp-json\/wp\/v2\/pages\/55\/revisions\/448"}],"wp:attachment":[{"href":"http:\/\/sinntagma.com\/de\/wp-json\/wp\/v2\/media?parent=55"}],"curies":[{"name":"wp","href":"https:\/\/api.w.org\/{rel}","templated":true}]}}